
{"id":211,"date":"2018-10-07T16:43:14","date_gmt":"2018-10-07T14:43:14","guid":{"rendered":"https:\/\/www.zd-po.si\/ckz\/?page_id=211"},"modified":"2026-01-29T11:29:18","modified_gmt":"2026-01-29T10:29:18","slug":"kdo-smo","status":"publish","type":"page","link":"https:\/\/www.zd-po.si\/ckz\/kdo-smo\/","title":{"rendered":"Kdo smo?"},"content":{"rendered":"<p>Zdravstveni dom Postojna stremi k izbolj\u0161avam in kakovostni oskrbi pacientov.<\/p>\n<!--themify_builder_content-->\n<div id=\"themify_builder_content-211\" data-postid=\"211\" class=\"themify_builder_content themify_builder_content-211 themify_builder tf_clear\">\n                    <div  data-lazy=\"1\" class=\"module_row themify_builder_row tb_397589c tb_first tf_w\">\n                        <div class=\"row_inner col_align_top tb_col_count_1 tf_box tf_rel\">\n                        <div  data-lazy=\"1\" class=\"module_column tb-column col-full tb_5122b4e first\">\n                    <!-- module text -->\n<div  class=\"module module-text tb_342c923   \" data-lazy=\"1\">\n        <div  class=\"tb_text_wrap\">\n        <h2>\u010clani na\u0161e ekipe<\/h2>    <\/div>\n<\/div>\n<!-- \/module text --><!-- module text -->\n<div  class=\"module module-text tb_d0b9cdd   \" data-lazy=\"1\">\n        <div  class=\"tb_text_wrap\">\n        <p>Smo skupina, ki vam zna prisluhniti.<\/p>    <\/div>\n<\/div>\n<!-- \/module text -->        <div  data-lazy=\"1\" class=\"module_subrow themify_builder_sub_row tf_w col_align_top gutter-narrow tb_col_count_2 tb_39657b3\">\n                <div  data-lazy=\"1\" class=\"module_column sub_column col4-2 tb_bf99e16 first\">\n                    <!-- module image -->\n<div  class=\"module module-image tb_9ff4e72 image-center circle  tf_mw\" data-lazy=\"1\">\n        <div class=\"image-wrap tf_rel tf_mw\">\n            <a href=\"https:\/\/www.zd-po.si\/ckz\/larisa-hrescak-svigelj\/\">\n                   <img loading=\"lazy\" decoding=\"async\" src=\"https:\/\/www.zd-po.si\/ckz\/wp-content\/uploads\/2024\/09\/170f41cd-4366-46d5-a25f-4d769bd0a323-768x1024-290x290.jpg\" width=\"290\" height=\"290\" class=\"wp-post-image wp-image-3271\" title=\"Larisa Hre\u0161\u010dak \u0160vigelj, dipl.m.s.\" alt=\"VODJA CENTRA\" srcset=\"https:\/\/www.zd-po.si\/ckz\/wp-content\/uploads\/2024\/09\/170f41cd-4366-46d5-a25f-4d769bd0a323-768x1024-290x290.jpg 290w, https:\/\/www.zd-po.si\/ckz\/wp-content\/uploads\/2024\/09\/170f41cd-4366-46d5-a25f-4d769bd0a323-150x150.jpg 150w\" sizes=\"auto, (max-width: 290px) 100vw, 290px\" \/>        <\/a>\n    \n        <\/div>\n    <!-- \/image-wrap -->\n    \n        <div class=\"image-content\">\n                    <h3 class=\"image-title\">\n                                    <a href=\"https:\/\/www.zd-po.si\/ckz\/larisa-hrescak-svigelj\/\">\n                        Larisa Hre\u0161\u010dak \u0160vigelj, dipl.m.s.                    <\/a>\n                            <\/h3>\n                        <div class=\"image-caption tb_text_wrap\">\n            VODJA CENTRA        <\/div>\n        <!-- \/image-caption -->\n            <\/div>\n    <!-- \/image-content -->\n        <\/div>\n<!-- \/module image -->        <\/div>\n                    <div  data-lazy=\"1\" class=\"module_column sub_column col4-2 tb_056deb4 last\">\n                    <!-- module image -->\n<div  class=\"module module-image tb_40c8561 image-center circle  tf_mw\" data-lazy=\"1\">\n        <div class=\"image-wrap tf_rel tf_mw\">\n            <a href=\"https:\/\/www.zd-po.si\/ckz\/marija-bergoc\/\">\n                   <img loading=\"lazy\" decoding=\"async\" src=\"https:\/\/www.zd-po.si\/ckz\/wp-content\/uploads\/2018\/11\/marija-bergoc-290x290.jpg\" width=\"290\" height=\"290\" class=\"wp-post-image wp-image-705\" title=\"Marija Bergo\u010d, dipl.m.s.\" alt=\"diplomirana medicinska sestra v CKZ\" srcset=\"https:\/\/www.zd-po.si\/ckz\/wp-content\/uploads\/2018\/11\/marija-bergoc-290x290.jpg 290w, https:\/\/www.zd-po.si\/ckz\/wp-content\/uploads\/2018\/11\/marija-bergoc-150x150.jpg 150w, https:\/\/www.zd-po.si\/ckz\/wp-content\/uploads\/2018\/11\/marija-bergoc.jpg 300w\" sizes=\"auto, (max-width: 290px) 100vw, 290px\" \/>        <\/a>\n    \n        <\/div>\n    <!-- \/image-wrap -->\n    \n        <div class=\"image-content\">\n                    <h3 class=\"image-title\">\n                                    <a href=\"https:\/\/www.zd-po.si\/ckz\/marija-bergoc\/\">\n                        Marija Bergo\u010d, dipl.m.s.                    <\/a>\n                            <\/h3>\n                        <div class=\"image-caption tb_text_wrap\">\n            diplomirana medicinska sestra v CKZ        <\/div>\n        <!-- \/image-caption -->\n            <\/div>\n    <!-- \/image-content -->\n        <\/div>\n<!-- \/module image -->        <\/div>\n                    <\/div>\n                <div  data-lazy=\"1\" class=\"module_subrow themify_builder_sub_row tf_w col_align_top tb_col_count_2 tb_e27e68c\">\n                <div  data-lazy=\"1\" class=\"module_column sub_column col4-2 tb_a41p125 first\">\n                    <!-- module image -->\n<div  class=\"module module-image tb_gste704 image-center circle  tf_mw\" data-lazy=\"1\">\n        <div class=\"image-wrap tf_rel tf_mw\">\n            <a href=\"https:\/\/www.zd-po.si\/ckz\/mateja-kragelj\/\">\n                   <img loading=\"lazy\" decoding=\"async\" src=\"https:\/\/www.zd-po.si\/ckz\/wp-content\/uploads\/2024\/09\/Mateja_profilka-768x1024-290x290.jpg\" width=\"290\" height=\"290\" class=\"wp-post-image wp-image-3145\" title=\"Mateja Kragelj, dipl. kineziologije\" alt=\"kineziologinja v CKZ in v programu Dru\u017einska obravnava za zdrav \u017eivljenjski slog\" srcset=\"https:\/\/www.zd-po.si\/ckz\/wp-content\/uploads\/2024\/09\/Mateja_profilka-768x1024-290x290.jpg 290w, https:\/\/www.zd-po.si\/ckz\/wp-content\/uploads\/2024\/09\/Mateja_profilka-150x150.jpg 150w\" sizes=\"auto, (max-width: 290px) 100vw, 290px\" \/>        <\/a>\n    \n        <\/div>\n    <!-- \/image-wrap -->\n    \n        <div class=\"image-content\">\n                    <h3 class=\"image-title\">\n                                    <a href=\"https:\/\/www.zd-po.si\/ckz\/mateja-kragelj\/\">\n                        Mateja Kragelj, dipl. kineziologije                    <\/a>\n                            <\/h3>\n                        <div class=\"image-caption tb_text_wrap\">\n            kineziologinja v CKZ in v programu Dru\u017einska obravnava za zdrav \u017eivljenjski slog        <\/div>\n        <!-- \/image-caption -->\n            <\/div>\n    <!-- \/image-content -->\n        <\/div>\n<!-- \/module image -->        <\/div>\n                    <div  data-lazy=\"1\" class=\"module_column sub_column col4-2 tb_b6yo124 last\">\n                    <!-- module image -->\n<div  class=\"module module-image tb_0puf315 image-center circle  tf_mw\" data-lazy=\"1\">\n        <div class=\"image-wrap tf_rel tf_mw\">\n            <a href=\"https:\/\/www.zd-po.si\/ckz\/anita-janezic\/\">\n                   <img loading=\"lazy\" decoding=\"async\" src=\"https:\/\/www.zd-po.si\/ckz\/wp-content\/uploads\/2022\/10\/ckz-logo-news-290x290.png\" width=\"290\" height=\"290\" class=\"wp-post-image wp-image-2340\" title=\"Anita Jane\u017ei\u010d, dipl. fizioterapevtka\" alt=\"fizioterapevtka v CKZ\" srcset=\"https:\/\/www.zd-po.si\/ckz\/wp-content\/uploads\/2022\/10\/ckz-logo-news-290x290.png 290w, https:\/\/www.zd-po.si\/ckz\/wp-content\/uploads\/2022\/10\/ckz-logo-news-150x150.png 150w\" sizes=\"auto, (max-width: 290px) 100vw, 290px\" \/>        <\/a>\n    \n        <\/div>\n    <!-- \/image-wrap -->\n    \n        <div class=\"image-content\">\n                    <h3 class=\"image-title\">\n                                    <a href=\"https:\/\/www.zd-po.si\/ckz\/anita-janezic\/\">\n                        Anita Jane\u017ei\u010d, dipl. fizioterapevtka                    <\/a>\n                            <\/h3>\n                        <div class=\"image-caption tb_text_wrap\">\n            fizioterapevtka v CKZ        <\/div>\n        <!-- \/image-caption -->\n            <\/div>\n    <!-- \/image-content -->\n        <\/div>\n<!-- \/module image -->        <\/div>\n                    <\/div>\n                <div  data-lazy=\"1\" class=\"module_subrow themify_builder_sub_row tf_w col_align_top tb_col_count_2 tb_n4o7122\">\n                <div  data-lazy=\"1\" class=\"module_column sub_column col4-2 tb_dqzl123 first\">\n                    <!-- module image -->\n<div  class=\"module module-image tb_oqqm293 image-center circle  tf_mw\" data-lazy=\"1\">\n        <div class=\"image-wrap tf_rel tf_mw\">\n            <a href=\"https:\/\/www.zd-po.si\/ckz\/urska-brozic\/\">\n                   <img loading=\"lazy\" decoding=\"async\" src=\"https:\/\/www.zd-po.si\/ckz\/wp-content\/uploads\/2024\/09\/Urska-B_profilka-768x1024-290x290.jpg\" width=\"290\" height=\"290\" class=\"wp-post-image wp-image-3147\" title=\"Ur\u0161ka Bro\u017ei\u010d, mag. dietetike\" alt=\"dieteti\u010darka v CKZ in v programu Dru\u017einska obravnava za zdrav \u017eivljenjski slog\" srcset=\"https:\/\/www.zd-po.si\/ckz\/wp-content\/uploads\/2024\/09\/Urska-B_profilka-768x1024-290x290.jpg 290w, https:\/\/www.zd-po.si\/ckz\/wp-content\/uploads\/2024\/09\/Urska-B_profilka-150x150.jpg 150w\" sizes=\"auto, (max-width: 290px) 100vw, 290px\" \/>        <\/a>\n    \n        <\/div>\n    <!-- \/image-wrap -->\n    \n        <div class=\"image-content\">\n                    <h3 class=\"image-title\">\n                                    <a href=\"https:\/\/www.zd-po.si\/ckz\/urska-brozic\/\">\n                        Ur\u0161ka Bro\u017ei\u010d, mag. dietetike                    <\/a>\n                            <\/h3>\n                        <div class=\"image-caption tb_text_wrap\">\n            dieteti\u010darka v CKZ in v programu Dru\u017einska obravnava za zdrav \u017eivljenjski slog        <\/div>\n        <!-- \/image-caption -->\n            <\/div>\n    <!-- \/image-content -->\n        <\/div>\n<!-- \/module image -->        <\/div>\n                    <div  data-lazy=\"1\" class=\"module_column sub_column col4-2 tb_a339cf1 last\">\n                    <!-- module image -->\n<div  class=\"module module-image tb_33ea3d9 image-center circle  tf_mw\" data-lazy=\"1\">\n        <div class=\"image-wrap tf_rel tf_mw\">\n            <a href=\"https:\/\/www.zd-po.si\/ckz\/simona-poje\/\">\n                   <img loading=\"lazy\" decoding=\"async\" src=\"https:\/\/www.zd-po.si\/ckz\/wp-content\/uploads\/2024\/09\/95ab7cd9-892a-47be-b9db-bc3642ebed28-768x1024-290x290.jpg\" width=\"290\" height=\"290\" class=\"wp-post-image wp-image-3258\" title=\"Simona Poje mag. dietetike\" alt=\"dieteti\u010darka v CKZ\" srcset=\"https:\/\/www.zd-po.si\/ckz\/wp-content\/uploads\/2024\/09\/95ab7cd9-892a-47be-b9db-bc3642ebed28-768x1024-290x290.jpg 290w, https:\/\/www.zd-po.si\/ckz\/wp-content\/uploads\/2024\/09\/95ab7cd9-892a-47be-b9db-bc3642ebed28-150x150.jpg 150w\" sizes=\"auto, (max-width: 290px) 100vw, 290px\" \/>        <\/a>\n    \n        <\/div>\n    <!-- \/image-wrap -->\n    \n        <div class=\"image-content\">\n                    <h3 class=\"image-title\">\n                                    <a href=\"https:\/\/www.zd-po.si\/ckz\/simona-poje\/\">\n                        Simona Poje mag. dietetike                    <\/a>\n                            <\/h3>\n                        <div class=\"image-caption tb_text_wrap\">\n            dieteti\u010darka v CKZ\n        <\/div>\n        <!-- \/image-caption -->\n            <\/div>\n    <!-- \/image-content -->\n        <\/div>\n<!-- \/module image -->        <\/div>\n                    <\/div>\n                <div  data-lazy=\"1\" class=\"module_subrow themify_builder_sub_row tf_w col_align_top tb_col_count_2 tb_hlb9104\">\n                <div  data-lazy=\"1\" class=\"module_column sub_column col4-2 tb_d739f8c first\">\n                    <!-- module image -->\n<div  class=\"module module-image tb_bkdp34 image-center circle  tf_mw\" data-lazy=\"1\">\n        <div class=\"image-wrap tf_rel tf_mw\">\n            <a href=\"https:\/\/www.zd-po.si\/ckz\/barbara-orazem-grm\/\">\n                   <img loading=\"lazy\" decoding=\"async\" src=\"https:\/\/www.zd-po.si\/ckz\/wp-content\/uploads\/2022\/10\/ckz-logo-news-290x290.png\" width=\"290\" height=\"290\" class=\"wp-post-image wp-image-2340\" title=\"Barbara Ora\u017eem Grm, univ. dipl. psih.\" alt=\"psihologinja v CKZ in v programu Dru\u017einska obravnava za zdrav \u017eivljenjski slog\" srcset=\"https:\/\/www.zd-po.si\/ckz\/wp-content\/uploads\/2022\/10\/ckz-logo-news-290x290.png 290w, https:\/\/www.zd-po.si\/ckz\/wp-content\/uploads\/2022\/10\/ckz-logo-news-150x150.png 150w\" sizes=\"auto, (max-width: 290px) 100vw, 290px\" \/>        <\/a>\n    \n        <\/div>\n    <!-- \/image-wrap -->\n    \n        <div class=\"image-content\">\n                    <h3 class=\"image-title\">\n                                    <a href=\"https:\/\/www.zd-po.si\/ckz\/barbara-orazem-grm\/\">\n                        Barbara Ora\u017eem Grm, univ. dipl. psih.                    <\/a>\n                            <\/h3>\n                        <div class=\"image-caption tb_text_wrap\">\n            psihologinja v CKZ in v programu Dru\u017einska obravnava za zdrav \u017eivljenjski slog        <\/div>\n        <!-- \/image-caption -->\n            <\/div>\n    <!-- \/image-content -->\n        <\/div>\n<!-- \/module image --><!-- module image -->\n<div  class=\"module module-image tb_icgo413 image-center circle  tf_mw\" data-lazy=\"1\">\n        <div class=\"image-wrap tf_rel tf_mw\">\n            <a href=\"https:\/\/www.zd-po.si\/ckz\/krajc-kaja\/\">\n                   <img loading=\"lazy\" decoding=\"async\" src=\"https:\/\/www.zd-po.si\/ckz\/wp-content\/uploads\/2022\/10\/ckz-logo-news-290x290.png\" width=\"290\" height=\"290\" class=\"wp-post-image wp-image-2340\" title=\"Ambro\u017e Bajt, mag. kineziolog\" alt=\"kineziolog pripravnik v CKZ\" srcset=\"https:\/\/www.zd-po.si\/ckz\/wp-content\/uploads\/2022\/10\/ckz-logo-news-290x290.png 290w, https:\/\/www.zd-po.si\/ckz\/wp-content\/uploads\/2022\/10\/ckz-logo-news-150x150.png 150w\" sizes=\"auto, (max-width: 290px) 100vw, 290px\" \/>        <\/a>\n    \n        <\/div>\n    <!-- \/image-wrap -->\n    \n        <div class=\"image-content\">\n                    <h3 class=\"image-title\">\n                                    <a href=\"https:\/\/www.zd-po.si\/ckz\/krajc-kaja\/\">\n                        Ambro\u017e Bajt, mag. kineziolog                    <\/a>\n                            <\/h3>\n                        <div class=\"image-caption tb_text_wrap\">\n            kineziolog pripravnik v CKZ        <\/div>\n        <!-- \/image-caption -->\n            <\/div>\n    <!-- \/image-content -->\n        <\/div>\n<!-- \/module image -->        <\/div>\n                    <div  data-lazy=\"1\" class=\"module_column sub_column col4-2 tb_6afd07e last\">\n                    <!-- module image -->\n<div  class=\"module module-image tb_be1fdb4 image-center circle  tf_mw\" data-lazy=\"1\">\n        <div class=\"image-wrap tf_rel tf_mw\">\n            <a href=\"https:\/\/www.zd-po.si\/ckz\/polona-cernigoj\/\">\n                   <img loading=\"lazy\" decoding=\"async\" src=\"https:\/\/www.zd-po.si\/ckz\/wp-content\/uploads\/2018\/11\/polona-strancar-290x290.jpg\" width=\"290\" height=\"290\" class=\"wp-post-image wp-image-701\" title=\"Polona \u010cernigoj, univ. dipl. psih.\" alt=\"psihologinja v CKZ\" srcset=\"https:\/\/www.zd-po.si\/ckz\/wp-content\/uploads\/2018\/11\/polona-strancar-290x290.jpg 290w, https:\/\/www.zd-po.si\/ckz\/wp-content\/uploads\/2018\/11\/polona-strancar-150x150.jpg 150w, https:\/\/www.zd-po.si\/ckz\/wp-content\/uploads\/2018\/11\/polona-strancar.jpg 300w\" sizes=\"auto, (max-width: 290px) 100vw, 290px\" \/>        <\/a>\n    \n        <\/div>\n    <!-- \/image-wrap -->\n    \n        <div class=\"image-content\">\n                    <h3 class=\"image-title\">\n                                    <a href=\"https:\/\/www.zd-po.si\/ckz\/polona-cernigoj\/\">\n                        Polona \u010cernigoj, univ. dipl. psih.                    <\/a>\n                            <\/h3>\n                        <div class=\"image-caption tb_text_wrap\">\n            psihologinja v CKZ        <\/div>\n        <!-- \/image-caption -->\n            <\/div>\n    <!-- \/image-content -->\n        <\/div>\n<!-- \/module image --><!-- module image -->\n<div  class=\"module module-image tb_e92ba4e image-center circle  tf_mw\" data-lazy=\"1\">\n        <div class=\"image-wrap tf_rel tf_mw\">\n            <a href=\"https:\/\/www.zd-po.si\/ckz\/sindi-lisjak\">\n                   <img loading=\"lazy\" decoding=\"async\" src=\"https:\/\/www.zd-po.si\/ckz\/wp-content\/uploads\/2024\/09\/Sindi_profilna-768x1024-290x290.jpg\" width=\"290\" height=\"290\" class=\"wp-post-image wp-image-3251\" title=\"Sindi Lisjak, dipl.m.s.\" alt=\"izvajalka vzgoje za zdravje otrok in mladostnikov\" srcset=\"https:\/\/www.zd-po.si\/ckz\/wp-content\/uploads\/2024\/09\/Sindi_profilna-768x1024-290x290.jpg 290w, https:\/\/www.zd-po.si\/ckz\/wp-content\/uploads\/2024\/09\/Sindi_profilna-150x150.jpg 150w\" sizes=\"auto, (max-width: 290px) 100vw, 290px\" \/>        <\/a>\n    \n        <\/div>\n    <!-- \/image-wrap -->\n    \n        <div class=\"image-content\">\n                    <h3 class=\"image-title\">\n                                    <a href=\"https:\/\/www.zd-po.si\/ckz\/sindi-lisjak\">\n                        Sindi Lisjak, dipl.m.s.                    <\/a>\n                            <\/h3>\n                        <div class=\"image-caption tb_text_wrap\">\n            izvajalka vzgoje za zdravje otrok in mladostnikov        <\/div>\n        <!-- \/image-caption -->\n            <\/div>\n    <!-- \/image-content -->\n        <\/div>\n<!-- \/module image -->        <\/div>\n                    <\/div>\n                <div  data-lazy=\"1\" class=\"module_subrow themify_builder_sub_row tf_w col_align_top gutter-narrow tb_col_count_2 tb_q5fu333\">\n                <div  data-lazy=\"1\" class=\"module_column sub_column col4-2 tb_002e09d first\">\n                    <!-- module image -->\n<div  class=\"module module-image tb_649ed2d image-center circle  tf_mw\" data-lazy=\"1\">\n        <div class=\"image-wrap tf_rel tf_mw\">\n            <a href=\"https:\/\/www.zd-po.si\/ckz\/ana_trcek\/\">\n                   <img loading=\"lazy\" decoding=\"async\" src=\"https:\/\/www.zd-po.si\/ckz\/wp-content\/uploads\/2024\/09\/Ana_profilka-768x1024-290x290.jpg\" width=\"290\" height=\"290\" class=\"wp-post-image wp-image-3151\" title=\"Ana Tr\u010dek, dipl.m.s.\" alt=\"izvajalka vzgoje za ustno zdravje otrok in mladostnikov\" srcset=\"https:\/\/www.zd-po.si\/ckz\/wp-content\/uploads\/2024\/09\/Ana_profilka-768x1024-290x290.jpg 290w, https:\/\/www.zd-po.si\/ckz\/wp-content\/uploads\/2024\/09\/Ana_profilka-150x150.jpg 150w\" sizes=\"auto, (max-width: 290px) 100vw, 290px\" \/>        <\/a>\n    \n        <\/div>\n    <!-- \/image-wrap -->\n    \n        <div class=\"image-content\">\n                    <h3 class=\"image-title\">\n                                    <a href=\"https:\/\/www.zd-po.si\/ckz\/ana_trcek\/\">\n                        Ana Tr\u010dek, dipl.m.s.                    <\/a>\n                            <\/h3>\n                        <div class=\"image-caption tb_text_wrap\">\n            izvajalka vzgoje za ustno zdravje otrok in mladostnikov\n        <\/div>\n        <!-- \/image-caption -->\n            <\/div>\n    <!-- \/image-content -->\n        <\/div>\n<!-- \/module image -->        <\/div>\n                    <div  data-lazy=\"1\" class=\"module_column sub_column col4-2 tb_f26cd45 last\">\n                    <!-- module image -->\n<div  class=\"module module-image tb_924e358 image-center circle  tf_mw\" data-lazy=\"1\">\n        <div class=\"image-wrap tf_rel tf_mw\">\n            <img loading=\"lazy\" decoding=\"async\" src=\"https:\/\/www.zd-po.si\/ckz\/wp-content\/uploads\/2022\/10\/ckz-logo-news-290x290.png\" width=\"290\" height=\"290\" class=\"wp-post-image wp-image-2340\" title=\"Lucija Lozej, mag. zdravstvene nege\" alt=\"medicinska sestra v CKZ in v programu Dru\u017einska obravnava za zdrav \u017eivljenjski slog\" srcset=\"https:\/\/www.zd-po.si\/ckz\/wp-content\/uploads\/2022\/10\/ckz-logo-news-290x290.png 290w, https:\/\/www.zd-po.si\/ckz\/wp-content\/uploads\/2022\/10\/ckz-logo-news-150x150.png 150w\" sizes=\"auto, (max-width: 290px) 100vw, 290px\" \/>    \n        <\/div>\n    <!-- \/image-wrap -->\n    \n        <div class=\"image-content\">\n                    <h3 class=\"image-title\">\n                                    Lucija Lozej, mag. zdravstvene nege                            <\/h3>\n                        <div class=\"image-caption tb_text_wrap\">\n            medicinska sestra v CKZ in v programu Dru\u017einska obravnava za zdrav \u017eivljenjski slog        <\/div>\n        <!-- \/image-caption -->\n            <\/div>\n    <!-- \/image-content -->\n        <\/div>\n<!-- \/module image -->        <\/div>\n                    <\/div>\n                <\/div>\n                        <\/div>\n        <\/div>\n                        <div  data-lazy=\"1\" class=\"module_row themify_builder_row tb_d0ki174 tf_w\">\n                        <div class=\"row_inner col_align_top tb_col_count_2 tf_box tf_rel\">\n                        <div  data-lazy=\"1\" class=\"module_column tb-column col4-2 tb_zzh0125 first\">\n                    <!-- module image -->\n<div  class=\"module module-image tb_1o22945 image-center circle  tf_mw\" data-lazy=\"1\">\n        <div class=\"image-wrap tf_rel tf_mw\">\n            <img loading=\"lazy\" decoding=\"async\" src=\"https:\/\/www.zd-po.si\/ckz\/wp-content\/uploads\/2022\/10\/ckz-logo-news-290x290.png\" width=\"290\" height=\"290\" class=\"wp-post-image wp-image-2340\" title=\"Mirjam Grmek, dr.med.,spec.pediatrije\" alt=\"zunanja sodelavka, pediater v programu Dru\u017einska obravnava za zdrav \u017eivljenjski slog\" srcset=\"https:\/\/www.zd-po.si\/ckz\/wp-content\/uploads\/2022\/10\/ckz-logo-news-290x290.png 290w, https:\/\/www.zd-po.si\/ckz\/wp-content\/uploads\/2022\/10\/ckz-logo-news-150x150.png 150w\" sizes=\"auto, (max-width: 290px) 100vw, 290px\" \/>    \n        <\/div>\n    <!-- \/image-wrap -->\n    \n        <div class=\"image-content\">\n                    <h3 class=\"image-title\">\n                                    Mirjam Grmek, dr.med.,spec.pediatrije                            <\/h3>\n                        <div class=\"image-caption tb_text_wrap\">\n            zunanja sodelavka, pediater v programu Dru\u017einska obravnava za zdrav \u017eivljenjski slog         <\/div>\n        <!-- \/image-caption -->\n            <\/div>\n    <!-- \/image-content -->\n        <\/div>\n<!-- \/module image -->        <\/div>\n                    <div  data-lazy=\"1\" class=\"module_column tb-column col4-2 tb_81c231d last\">\n                            <\/div>\n                        <\/div>\n        <\/div>\n        <\/div>\n<!--\/themify_builder_content-->","protected":false},"excerpt":{"rendered":"<p>Zdravstveni dom Postojna stremi k izbolj\u0161avam in kakovostni oskrbi pacientov.<\/p>\n","protected":false},"author":1,"featured_media":0,"parent":0,"menu_order":0,"comment_status":"closed","ping_status":"closed","template":"","meta":{"advgb_blocks_editor_width":"","advgb_blocks_columns_visual_guide":"","footnotes":""},"class_list":["post-211","page","type-page","status-publish","hentry","has-post-title","has-post-date","has-post-category","has-post-tag","has-post-comment","has-post-author",""],"coauthors":[],"author_meta":{"author_link":"https:\/\/www.zd-po.si\/ckz\/author\/siteadmin\/","display_name":"SiteAdmin"},"relative_dates":{"created":"Posted 8 let ago","modified":"Updated 3 meseci ago"},"absolute_dates":{"created":"Posted on 7 oktobra, 2018","modified":"Updated on 29 januarja, 2026"},"absolute_dates_time":{"created":"Posted on 7 oktobra, 2018 16:43","modified":"Updated on 29 januarja, 2026 11:29"},"featured_img_caption":"","featured_img":false,"series_order":"","publishpress_future_action":{"enabled":false,"date":"2026-05-07 09:16:28","action":"change-status","newStatus":"draft","terms":[],"taxonomy":"","extraData":[]},"publishpress_future_workflow_manual_trigger":{"enabledWorkflows":[]},"builder_content":"<h2>\u010clani na\u0161e ekipe<\/h2>\n<p>Smo skupina, ki vam zna prisluhniti.<\/p>\n<a href=\"https:\/\/www.zd-po.si\/ckz\/larisa-hrescak-svigelj\/\"> <img src=\"https:\/\/www.zd-po.si\/ckz\/wp-content\/uploads\/2024\/09\/170f41cd-4366-46d5-a25f-4d769bd0a323-768x1024-290x290.jpg\" width=\"290\" height=\"290\" title=\"Larisa Hre\u0161\u010dak \u0160vigelj, dipl.m.s.\" alt=\"VODJA CENTRA\" srcset=\"https:\/\/www.zd-po.si\/ckz\/wp-content\/uploads\/2024\/09\/170f41cd-4366-46d5-a25f-4d769bd0a323-768x1024-290x290.jpg 290w, https:\/\/www.zd-po.si\/ckz\/wp-content\/uploads\/2024\/09\/170f41cd-4366-46d5-a25f-4d769bd0a323-150x150.jpg 150w\" sizes=\"(max-width: 290px) 100vw, 290px\" \/> <\/a> <h3> <a href=\"https:\/\/www.zd-po.si\/ckz\/larisa-hrescak-svigelj\/\"> Larisa Hre\u0161\u010dak \u0160vigelj, dipl.m.s. <\/a> <\/h3> VODJA CENTRA\n<a href=\"https:\/\/www.zd-po.si\/ckz\/marija-bergoc\/\"> <img src=\"https:\/\/www.zd-po.si\/ckz\/wp-content\/uploads\/2018\/11\/marija-bergoc-290x290.jpg\" width=\"290\" height=\"290\" title=\"Marija Bergo\u010d, dipl.m.s.\" alt=\"diplomirana medicinska sestra v CKZ\" srcset=\"https:\/\/www.zd-po.si\/ckz\/wp-content\/uploads\/2018\/11\/marija-bergoc-290x290.jpg 290w, https:\/\/www.zd-po.si\/ckz\/wp-content\/uploads\/2018\/11\/marija-bergoc-150x150.jpg 150w, https:\/\/www.zd-po.si\/ckz\/wp-content\/uploads\/2018\/11\/marija-bergoc.jpg 300w\" sizes=\"(max-width: 290px) 100vw, 290px\" \/> <\/a> <h3> <a href=\"https:\/\/www.zd-po.si\/ckz\/marija-bergoc\/\"> Marija Bergo\u010d, dipl.m.s. <\/a> <\/h3> diplomirana medicinska sestra v CKZ\n<a href=\"https:\/\/www.zd-po.si\/ckz\/mateja-kragelj\/\"> <img src=\"https:\/\/www.zd-po.si\/ckz\/wp-content\/uploads\/2024\/09\/Mateja_profilka-768x1024-290x290.jpg\" width=\"290\" height=\"290\" title=\"Mateja Kragelj, dipl. kineziologije\" alt=\"kineziologinja v CKZ in v programu Dru\u017einska obravnava za zdrav \u017eivljenjski slog\" srcset=\"https:\/\/www.zd-po.si\/ckz\/wp-content\/uploads\/2024\/09\/Mateja_profilka-768x1024-290x290.jpg 290w, https:\/\/www.zd-po.si\/ckz\/wp-content\/uploads\/2024\/09\/Mateja_profilka-150x150.jpg 150w\" sizes=\"(max-width: 290px) 100vw, 290px\" \/> <\/a> <h3> <a href=\"https:\/\/www.zd-po.si\/ckz\/mateja-kragelj\/\"> Mateja Kragelj, dipl. kineziologije <\/a> <\/h3> kineziologinja v CKZ in v programu Dru\u017einska obravnava za zdrav \u017eivljenjski slog\n<a href=\"https:\/\/www.zd-po.si\/ckz\/anita-janezic\/\"> <img src=\"https:\/\/www.zd-po.si\/ckz\/wp-content\/uploads\/2022\/10\/ckz-logo-news-290x290.png\" width=\"290\" height=\"290\" title=\"Anita Jane\u017ei\u010d, dipl. fizioterapevtka\" alt=\"fizioterapevtka v CKZ\" srcset=\"https:\/\/www.zd-po.si\/ckz\/wp-content\/uploads\/2022\/10\/ckz-logo-news-290x290.png 290w, https:\/\/www.zd-po.si\/ckz\/wp-content\/uploads\/2022\/10\/ckz-logo-news-150x150.png 150w\" sizes=\"(max-width: 290px) 100vw, 290px\" \/> <\/a> <h3> <a href=\"https:\/\/www.zd-po.si\/ckz\/anita-janezic\/\"> Anita Jane\u017ei\u010d, dipl. fizioterapevtka <\/a> <\/h3> fizioterapevtka v CKZ\n<a href=\"https:\/\/www.zd-po.si\/ckz\/urska-brozic\/\"> <img src=\"https:\/\/www.zd-po.si\/ckz\/wp-content\/uploads\/2024\/09\/Urska-B_profilka-768x1024-290x290.jpg\" width=\"290\" height=\"290\" title=\"Ur\u0161ka Bro\u017ei\u010d, mag. dietetike\" alt=\"dieteti\u010darka v CKZ in v programu Dru\u017einska obravnava za zdrav \u017eivljenjski slog\" srcset=\"https:\/\/www.zd-po.si\/ckz\/wp-content\/uploads\/2024\/09\/Urska-B_profilka-768x1024-290x290.jpg 290w, https:\/\/www.zd-po.si\/ckz\/wp-content\/uploads\/2024\/09\/Urska-B_profilka-150x150.jpg 150w\" sizes=\"(max-width: 290px) 100vw, 290px\" \/> <\/a> <h3> <a href=\"https:\/\/www.zd-po.si\/ckz\/urska-brozic\/\"> Ur\u0161ka Bro\u017ei\u010d, mag. dietetike <\/a> <\/h3> dieteti\u010darka v CKZ in v programu Dru\u017einska obravnava za zdrav \u017eivljenjski slog\n<a href=\"https:\/\/www.zd-po.si\/ckz\/simona-poje\/\"> <img src=\"https:\/\/www.zd-po.si\/ckz\/wp-content\/uploads\/2024\/09\/95ab7cd9-892a-47be-b9db-bc3642ebed28-768x1024-290x290.jpg\" width=\"290\" height=\"290\" title=\"Simona Poje mag. dietetike\" alt=\"dieteti\u010darka v CKZ\" srcset=\"https:\/\/www.zd-po.si\/ckz\/wp-content\/uploads\/2024\/09\/95ab7cd9-892a-47be-b9db-bc3642ebed28-768x1024-290x290.jpg 290w, https:\/\/www.zd-po.si\/ckz\/wp-content\/uploads\/2024\/09\/95ab7cd9-892a-47be-b9db-bc3642ebed28-150x150.jpg 150w\" sizes=\"(max-width: 290px) 100vw, 290px\" \/> <\/a> <h3> <a href=\"https:\/\/www.zd-po.si\/ckz\/simona-poje\/\"> Simona Poje mag. dietetike <\/a> <\/h3> dieteti\u010darka v CKZ\n<a href=\"https:\/\/www.zd-po.si\/ckz\/barbara-orazem-grm\/\"> <img src=\"https:\/\/www.zd-po.si\/ckz\/wp-content\/uploads\/2022\/10\/ckz-logo-news-290x290.png\" width=\"290\" height=\"290\" title=\"Barbara Ora\u017eem Grm, univ. dipl. psih.\" alt=\"psihologinja v CKZ in v programu Dru\u017einska obravnava za zdrav \u017eivljenjski slog\" srcset=\"https:\/\/www.zd-po.si\/ckz\/wp-content\/uploads\/2022\/10\/ckz-logo-news-290x290.png 290w, https:\/\/www.zd-po.si\/ckz\/wp-content\/uploads\/2022\/10\/ckz-logo-news-150x150.png 150w\" sizes=\"(max-width: 290px) 100vw, 290px\" \/> <\/a> <h3> <a href=\"https:\/\/www.zd-po.si\/ckz\/barbara-orazem-grm\/\"> Barbara Ora\u017eem Grm, univ. dipl. psih. <\/a> <\/h3> psihologinja v CKZ in v programu Dru\u017einska obravnava za zdrav \u017eivljenjski slog\n<a href=\"https:\/\/www.zd-po.si\/ckz\/krajc-kaja\/\"> <img src=\"https:\/\/www.zd-po.si\/ckz\/wp-content\/uploads\/2022\/10\/ckz-logo-news-290x290.png\" width=\"290\" height=\"290\" title=\"Ambro\u017e Bajt, mag. kineziolog\" alt=\"kineziolog pripravnik v CKZ\" srcset=\"https:\/\/www.zd-po.si\/ckz\/wp-content\/uploads\/2022\/10\/ckz-logo-news-290x290.png 290w, https:\/\/www.zd-po.si\/ckz\/wp-content\/uploads\/2022\/10\/ckz-logo-news-150x150.png 150w\" sizes=\"(max-width: 290px) 100vw, 290px\" \/> <\/a> <h3> <a href=\"https:\/\/www.zd-po.si\/ckz\/krajc-kaja\/\"> Ambro\u017e Bajt, mag. kineziolog <\/a> <\/h3> kineziolog pripravnik v CKZ\n<a href=\"https:\/\/www.zd-po.si\/ckz\/polona-cernigoj\/\"> <img src=\"https:\/\/www.zd-po.si\/ckz\/wp-content\/uploads\/2018\/11\/polona-strancar-290x290.jpg\" width=\"290\" height=\"290\" title=\"Polona \u010cernigoj, univ. dipl. psih.\" alt=\"psihologinja v CKZ\" srcset=\"https:\/\/www.zd-po.si\/ckz\/wp-content\/uploads\/2018\/11\/polona-strancar-290x290.jpg 290w, https:\/\/www.zd-po.si\/ckz\/wp-content\/uploads\/2018\/11\/polona-strancar-150x150.jpg 150w, https:\/\/www.zd-po.si\/ckz\/wp-content\/uploads\/2018\/11\/polona-strancar.jpg 300w\" sizes=\"(max-width: 290px) 100vw, 290px\" \/> <\/a> <h3> <a href=\"https:\/\/www.zd-po.si\/ckz\/polona-cernigoj\/\"> Polona \u010cernigoj, univ. dipl. psih. <\/a> <\/h3> psihologinja v CKZ\n<a href=\"https:\/\/www.zd-po.si\/ckz\/sindi-lisjak\"> <img src=\"https:\/\/www.zd-po.si\/ckz\/wp-content\/uploads\/2024\/09\/Sindi_profilna-768x1024-290x290.jpg\" width=\"290\" height=\"290\" title=\"Sindi Lisjak, dipl.m.s.\" alt=\"izvajalka vzgoje za zdravje otrok in mladostnikov\" srcset=\"https:\/\/www.zd-po.si\/ckz\/wp-content\/uploads\/2024\/09\/Sindi_profilna-768x1024-290x290.jpg 290w, https:\/\/www.zd-po.si\/ckz\/wp-content\/uploads\/2024\/09\/Sindi_profilna-150x150.jpg 150w\" sizes=\"(max-width: 290px) 100vw, 290px\" \/> <\/a> <h3> <a href=\"https:\/\/www.zd-po.si\/ckz\/sindi-lisjak\"> Sindi Lisjak, dipl.m.s. <\/a> <\/h3> izvajalka vzgoje za zdravje otrok in mladostnikov\n<a href=\"https:\/\/www.zd-po.si\/ckz\/ana_trcek\/\"> <img src=\"https:\/\/www.zd-po.si\/ckz\/wp-content\/uploads\/2024\/09\/Ana_profilka-768x1024-290x290.jpg\" width=\"290\" height=\"290\" title=\"Ana Tr\u010dek, dipl.m.s.\" alt=\"izvajalka vzgoje za ustno zdravje otrok in mladostnikov\" srcset=\"https:\/\/www.zd-po.si\/ckz\/wp-content\/uploads\/2024\/09\/Ana_profilka-768x1024-290x290.jpg 290w, https:\/\/www.zd-po.si\/ckz\/wp-content\/uploads\/2024\/09\/Ana_profilka-150x150.jpg 150w\" sizes=\"(max-width: 290px) 100vw, 290px\" \/> <\/a> <h3> <a href=\"https:\/\/www.zd-po.si\/ckz\/ana_trcek\/\"> Ana Tr\u010dek, dipl.m.s. <\/a> <\/h3> izvajalka vzgoje za ustno zdravje otrok in mladostnikov\n<img src=\"https:\/\/www.zd-po.si\/ckz\/wp-content\/uploads\/2022\/10\/ckz-logo-news-290x290.png\" width=\"290\" height=\"290\" title=\"Lucija Lozej, mag. zdravstvene nege\" alt=\"medicinska sestra v CKZ in v programu Dru\u017einska obravnava za zdrav \u017eivljenjski slog\" srcset=\"https:\/\/www.zd-po.si\/ckz\/wp-content\/uploads\/2022\/10\/ckz-logo-news-290x290.png 290w, https:\/\/www.zd-po.si\/ckz\/wp-content\/uploads\/2022\/10\/ckz-logo-news-150x150.png 150w\" sizes=\"(max-width: 290px) 100vw, 290px\" \/> <h3> Lucija Lozej, mag. zdravstvene nege <\/h3> medicinska sestra v CKZ in v programu Dru\u017einska obravnava za zdrav \u017eivljenjski slog\n<img src=\"https:\/\/www.zd-po.si\/ckz\/wp-content\/uploads\/2022\/10\/ckz-logo-news-290x290.png\" width=\"290\" height=\"290\" title=\"Mirjam Grmek, dr.med.,spec.pediatrije\" alt=\"zunanja sodelavka, pediater v programu Dru\u017einska obravnava za zdrav \u017eivljenjski slog\" srcset=\"https:\/\/www.zd-po.si\/ckz\/wp-content\/uploads\/2022\/10\/ckz-logo-news-290x290.png 290w, https:\/\/www.zd-po.si\/ckz\/wp-content\/uploads\/2022\/10\/ckz-logo-news-150x150.png 150w\" sizes=\"(max-width: 290px) 100vw, 290px\" \/> <h3> Mirjam Grmek, dr.med.,spec.pediatrije <\/h3> zunanja sodelavka, pediater v programu Dru\u017einska obravnava za zdrav \u017eivljenjski slog","_links":{"self":[{"href":"https:\/\/www.zd-po.si\/ckz\/wp-json\/wp\/v2\/pages\/211","targetHints":{"allow":["GET"]}}],"collection":[{"href":"https:\/\/www.zd-po.si\/ckz\/wp-json\/wp\/v2\/pages"}],"about":[{"href":"https:\/\/www.zd-po.si\/ckz\/wp-json\/wp\/v2\/types\/page"}],"author":[{"embeddable":true,"href":"https:\/\/www.zd-po.si\/ckz\/wp-json\/wp\/v2\/users\/1"}],"replies":[{"embeddable":true,"href":"https:\/\/www.zd-po.si\/ckz\/wp-json\/wp\/v2\/comments?post=211"}],"version-history":[{"count":256,"href":"https:\/\/www.zd-po.si\/ckz\/wp-json\/wp\/v2\/pages\/211\/revisions"}],"predecessor-version":[{"id":3633,"href":"https:\/\/www.zd-po.si\/ckz\/wp-json\/wp\/v2\/pages\/211\/revisions\/3633"}],"wp:attachment":[{"href":"https:\/\/www.zd-po.si\/ckz\/wp-json\/wp\/v2\/media?parent=211"}],"curies":[{"name":"wp","href":"https:\/\/api.w.org\/{rel}","templated":true}]}}